{"id":33,"date":"2020-11-03T13:58:14","date_gmt":"2020-11-03T13:58:14","guid":{"rendered":"http:\/\/pauker.hu\/wordpress\/?page_id=33"},"modified":"2020-11-10T16:38:12","modified_gmt":"2020-11-10T16:38:12","slug":"about","status":"publish","type":"page","link":"https:\/\/pauker.hu\/de\/about\/","title":{"rendered":"\u00dcber uns"},"content":{"rendered":"<div   class=\"vc_row wpb_row vc_row-fluid\">\n\t<div  class=\"vc_span12 wpb_column vc_column_container\"><div class=\"vc_column-inner\">\n\t\t<div class=\"wpb_wrapper\">\n\t\t\t<div class=\"heading_box_sc_ctn\" style=\"margin:0px 0px 50px;\"><div class=\"heading_box_sc\" style=\"border-color:rgba(0,0,0,0.01);\"><h3 style=\"border-color:#2c3e50; color:#2c3e50; background:#ffffff\">Wer sind wir<\/h3><\/div><\/div>\n\t<div class=\"wpb_text_column wpb_content_element   ct_m1ef8um17fql6z1llb9d\" >\n\t\t<div class=\"wpb_wrapper\" >\n\t\t\t<p><img fetchpriority=\"high\" decoding=\"async\" class=\"size-full wp-image-586 alignleft\" src=\"http:\/\/pauker.hu\/wordpress\/wp-content\/uploads\/2020\/11\/vertes-gabor.png\" alt=\"\" width=\"250\" height=\"250\" srcset=\"https:\/\/pauker.hu\/wp-content\/uploads\/2020\/11\/vertes-gabor.png 250w, https:\/\/pauker.hu\/wp-content\/uploads\/2020\/11\/vertes-gabor-150x150.png 150w, https:\/\/pauker.hu\/wp-content\/uploads\/2020\/11\/vertes-gabor-12x12.png 12w, https:\/\/pauker.hu\/wp-content\/uploads\/2020\/11\/vertes-gabor-768x768.png 768w, https:\/\/pauker.hu\/wp-content\/uploads\/2020\/11\/vertes-gabor-570x570.png 570w\" sizes=\"(max-width: 250px) 100vw, 250px\" \/>Ich habe die Pauker Druckerei 1989 gegr\u00fcndet, die bis heute zu einer der f\u00fchrenden Bogen-Offsetdruckereien von Ungarn wuchs.<\/p>\n<p>Seither erweiterte sich nicht nur der Personalbestand, sondern auch unser Maschinenpark erlebte eine wesentliche Innovation: heute arbeiten wir schon mit den modernsten Duplo, Heidelberg und Horizon-Maschinen. Im Sommer 2016 konnten wir unsere Kapazit\u00e4t dank einer Investition im Wert von beinahe 3 Millionen Euro verdoppeln: mit der in Europa modernsten verf\u00fcgbaren Offsetdruckmaschine Heidelberg Speedmaster XL 106-8-P wuchs unsere t\u00e4gliche Druckkapazit\u00e4t auf das Doppelte. T\u00e4glich k\u00f6nnen wir 8 Millionen A4 Seiten drucken. Unser Hauptprofil istder Einlauf Farbdruck von 4+4, unsere Hauptt\u00e4tigkeit umfasst das Drucken von Katalogen, Prospekten, Jahresberichten, Werbe- und Marketingmaterialien, Flugbl\u00e4ttern, Zeitschriften, Monats- und Wochenzeitschriften, Quartalzeitschriften, Periodiken und B\u00fcchern.Das gegebene Wort und die mit unserem Namen verbundene Qualit\u00e4t zeichnen uns aus.<\/p>\n<p>Obwohl die praktische Arbeit nicht von mir selbst ausgef\u00fchrt wird, vielmehr bin ich f\u00fcr die Gesch\u00e4ftsf\u00fchrung zust\u00e4ndig, halte ich bis heute daran fest, dass ich jeden neuen Mitarbeiter selbst ausw\u00e4hle. Ich glaube daran, wenn ich meine Mitarbeiter partnerschaftlich behandle und ihr Interesse an unserem Erfolg wecke, gibt es nicht nur f\u00fcr dieFirma, sondern auch f\u00fcr die Mitarbeiter ein Erfolgserlebnis. Wir sichern ihnen die M\u00f6glichkeit zur Erweiterung ihrer Fachkenntnisse, zum Sprachenlernen und zur Teilnahme an bekannten internationalen Konferenzen, wie die DRUPA. Auch unsere Gesch\u00e4ftspartner k\u00f6nnen diesen Maximalismus und diese Loyalit\u00e4t von uns erwarten: einer der wichtigsten Grunds\u00e4tze bei uns ist das korrekte Gesch\u00e4ftsverhalten im Sinne des gegebenen Wortes, wir streben ja mit all unseren Kunden eine langfristige Zusammenarbeit an.<\/p>\n<p>Ich bin stolz darauf, dass der Name der Pauker Druckerei in den letzten beinahe drei Jahrzehnten mit den Begriffen Qualit\u00e4t, Zuverl\u00e4ssigkeit, korrekte und langfristige Gesch\u00e4ftsbeziehungen gleichbedeutend wurde.<\/p>\n<p>Solange wir Sie nicht pers\u00f6nlich in der Pauker Druckerei begr\u00fc\u00dfen d\u00fcrfen, bitten wir Sie unser Vorstellungsvideo unter dem nachfolgenden Link anzuschauen!<\/p>\n<p><a href=\"https:\/\/www.youtube.com\/watch?v=mWoMcKzb_-Y\" target=\"_blank\" rel=\"noopener noreferrer\"><strong>Sehen sie an unsere vorstellung video!<\/strong><\/a><\/p>\n<div class=\"sign\">\n<h5>G\u00e1bor V\u00e9rtes<\/h5>\n<p>Gr\u00fcnder und Eigent\u00fcmer,<br \/>\nGesch\u00e4ftsf\u00fchrer der Pauker Druckerei<\/p>\n<\/div>\n<hr style=\"margin: 50px 0;\" \/>\n<h2 class=\"undelined\">Firmenphilosophie<\/h2>\n<p>Unsere 100-j\u00e4hrige Tradition, unsere beinahe 30-j\u00e4hrige Vergangenheit verpflichten uns, dass wir unsere Arbeit in allen Bereichen verantwortungsvoll durchf\u00fchren. Unser Verantwortungsbereich h\u00f6rt nicht innerhalb der Mauern der Druckerei auf: nicht nur unsere Mitarbeiter, sondern alle unsere Gesch\u00e4ftspartner k\u00f6nnen auf unser gegebenes Wort vertrauen.<\/p>\n<p>Unsere Kunden k\u00f6nnen in jeder Hinsicht auf uns bauen: wir finden auf jede Frage und f\u00fcr jeden Bedarf die passende L\u00f6sung, indem wir die f\u00fcr die Pauker Druckerei charakteristische Qualit\u00e4t und Zuverl\u00e4ssigkeit sichern. Unsere Mitarbeiter stehen nach dem Eingang Ihrer Anfrage zu Ihrer Verf\u00fcgung: zur Herstellung des perfekten und zugleich kostenwirksamen Druckerzeugnisses sichern wir die geeignetste Herstellungstechnologie und das g\u00fcnstigste Angebot, indem wir dank unserer Technik und unserem Fachwissen eine vielf\u00e4ltige und einzigartige Ausf\u00fchrung bieten \u2013 all das bequem, \u00fcber Ihre eigene Kontaktperson.<\/p>\n<p>Ohne die den Anforderungen entsprechenden Zulieferer und Gesch\u00e4ftspartner w\u00e4re keine Druckerei imstande, eine st\u00e4ndig hohe Qualit\u00e4t zu bieten. Gerade deswegen streben wir auch mit unseren Subunternehmern eine langfristige Zusammenarbeit an, ebenso wie mit unseren Kunden, indem wir ihnen jede m\u00f6gliche Hilfe geben \u2013 sei es z.B. ein Platz in unserem Standort. Gerade darin liegt die St\u00e4rke der Pauker Druckerei: an unserem Standort k\u00f6nnen wir alle drucktechnischen Teilaufgaben ausf\u00fchren, von der Vorbereitung \u00fcber das Drucken bis zu den Nacharbeiten, wie Binden, Folieren, Lackieren. Dank dieser einzigartigen M\u00f6glichkeit k\u00f6nnen die Liefer-und Kommunikationskosten gesenkt werden.<\/p>\n<p>Gleichzeitig ist uns bewusst, dass wir ohne das Wissen und die Kompetenz unserer Mitarbeiter nicht f\u00e4hig w\u00e4ren, den Anforderungen an die Pauker Druckerei gerecht zu werden. Deshalb sichern wir ihnen die M\u00f6glichkeit zur kontinuierlichen Weiterbildung, zum Sprachenlernen und zur Teilnahme an Fachmessen, wie die DRUPA. Wir sind stolz darauf, dass 50% unserer Mitarbeiter seit mehr als 5 Jahren, 25% seit mehr als 10 Jahren und 12% seit mehr als 15 Jahren zum Pauker-Team geh\u00f6ren.<\/p>\n<p>Der Mensch ist unser Wert.<\/p>\n<hr style=\"margin: 50px 0;\" \/>\n<h2 class=\"undelined\">Unsere Mission<\/h2>\n<p>Als eine der f\u00fchrenden Bogen-Offsetdruckereien Ungarns halten wir es f\u00fcr unsere Mission, im Bereich der Druckereiarbeiten immer h\u00f6chstes Niveau zu bieten und mit den neuesten Trends nicht nur Schritt zu halten, sondern der Spitzenreiter in ihrer Anwendung zu sein. Wir sind st\u00e4ndig auf der Suche nach den neuesten Technologien und Grundstoffen, damit die Zufriedenheit unserer Kunden mit der Vollkommenheit des Druckerzeugnisses konkurriert. Wir streben an, das bestm\u00f6gliche Kundenerlebnis zu bieten, denn die hohe Zufriedenheit unserer Auftraggeber tr\u00e4gt zum guten Ruf der Pauker Druckerei bei.<\/p>\n<p>Selbstverst\u00e4ndlich behalten wir auch die Zukunft im Auge. Ein wesentlicher Bestandteil unserer Mission ist es, f\u00fcr die Bildung von motivierten und hochqualifizierten Fachleuten f\u00fcr die Druckindustrie zu sorgen. Deshalb haben wir uns der Initiative \u201ePrint ist DEINE Zukunft!\u201c des Druck- und Papierindustrieverbandes angeschlossen.<br \/>\nZiel des Programms ist es, die Aufmerksamkeit der Kinder bereits in der Grundschule auf die Druckindustrie als m\u00f6gliche Berufswahl zu lenken \u2013 all das im Rahmen von interaktiven Schul- und Druckereibesichtigungen, bei denen wir die M\u00f6glichkeiten in der Druckindustrie den Kindern n\u00e4herbringen k\u00f6nnen.<\/p>\n<p>Wir halten es ferner f\u00fcr unsere Mission, mit den Prophezeiungen \u00fcber das Ende der Print- bzw. Druckerzeugnisse f\u00fcr immer abzurechnen. Fakt ist, dass die digitale Entwicklung und der Vormarsch der Online Oberfl\u00e4chen au\u00dferordentliche M\u00f6glichkeiten f\u00fcr die Welt bieten, dies bedeutet aber noch bei weitem nicht das Ende der Print-Technologie.<br \/>\nNielsen hat z.B. in 11 Jahren 1400 Kampagnen von 450 Brands gepr\u00fcft und festgestellt, dass auf gedruckte \u2013 z.B. in Magazinen \u2013 ver\u00f6ffentlichte Inserate um 34% mehr Einnahmen fielen, als auf Werbungen in der Online-Welt. Gem\u00e4\u00df der Studie von Hubspot und Adblock Plus pr\u00e4ferieren die Konsumenten eher die Printanzeigen, und halten diese f\u00fcr am wenigsten st\u00f6rend. Im Cyberspace ist die digitale Ablenkung zu gro\u00df und lenkt die Aufmerksamkeit der potenziellen Kunden vom Inserat ab: in der virtuellen Welt herrscht zu gro\u00dfe Konkurrenz. Eine Anzeige in einem Magazin hingegen kann die Aufmerksamkeit effektiver erregen, denn es gibt keine st\u00f6renden Umst\u00e4nde, die den Konsumenten von der Anzeige ablenken w\u00fcrden. Zahlreiche Erhebungen beweisen, dass gedruckte Inserate l\u00e4nger verfolgt werden als Online-Inserate.<br \/>\nUnd wenn wir nun soweit sind, zeigt auch die Lust zum Magazinkauf hoffnungsvolle Tendenzen: nach einer Umfrage des Amerikanischen Magazinverbandes z.B. wuchs die Anzahl der Magazink\u00e4ufe in den Vereinigten Staaten im Jahre 2016 um 6,2% gegen\u00fcber dem Vorjahr 2015. Hinzu kommt, dass diese gr\u00f6\u00dfere Massen erreichen als die TV-Sendungen.<br \/>\nWir k\u00f6nnen noch \u00fcber eine der besten Marketing-Wunderwaffen, das Mailing reden, das heutzutage seine Bl\u00fctezeit erlebt. Es wuchs eine Generation auf, der es noch neu ist, eine adressierte Postsendung zu bekommen \u2013 und man versucht sie nicht im E-Mail oder in einer Werbung auf Facebook zum Kauf anzuregen. Umfragen beweisen, dass der pers\u00f6nliche Charakter von DM-Mailings geeignet ist, die Botschaft f\u00fcr die Zielgruppe zu vermitteln und eine gut formulierte Botschaft in anspruchsvoller Ausf\u00fchrung f\u00e4hig ist, den Konsumenten zum Kauf anzuregen.<br \/>\nWas auch immer Sie brauchen, wir helfen Ihnen, damit Sie am Ende des Druckvorgangs das perfekte Produkt in der Hand haben!<\/p>\n<hr style=\"margin: 50px 0;\" \/>\n<h2 class=\"undelined\">Unsere gesellschaftliche Verantwortung<\/h2>\n<p>Als umweltbewusste Druckerei legen wir gro\u00dfen Wert auf die Umweltschutzvorschriften und bei unserem Papierbedarf auf den Schutz von B\u00e4umen. Deshalb hat die Pauker Druckerei das FSC Zertifikat erworben, das gew\u00e4hrleistet, dass<\/p>\n<ul>\n<li>der Grundstoff von mit FSC Logo versehenen Produkten aus verantwortungsvoll bewirtschafteten W\u00e4ldern stammt (d.h. f\u00fcr einen gef\u00e4llten Baum wurden zwei neue gepflanzt und der geholzte Baum wurde speziell zu diesem Zweck gepflanzt),<\/li>\n<li>der Grundstoff von mit FSC Logo versehenen Produkten nicht aus illegaler Abholzung bzw. aus Bannw\u00e4ldern stammt, deren Werte durch die Forstwirtschaft gef\u00e4hrdet w\u00e4ren<\/li>\n<li>das benutzte Papier nicht aus genetisch modifizierten Plantagen stammt.<\/li>\n<\/ul>\n<p>&nbsp;<\/p>\n<p>Durch Ihre mit FSC-Siegel versehenen Produkte k\u00f6nnen Sie gegen\u00fcber Ihren Gesch\u00e4ftspartnern kommunizieren, dass Ihnen das Umweltbewusstsein wichtig ist!\nNeben Umweltschutz legen wir gro\u00dfen Wert auf die Popularisierung des Lesens und von B\u00fcchern: als Druckerei k\u00f6nnten wir ja nicht anders tun. In diesem Sinne haben wir 2016 eine Tradition geschaffen: wir haben unser Kinderbuchsammelprogramm in die Wege geleitet. Im Rahmen des Programms haben wir M\u00e4rchenb\u00fccher, Jugendromane, Romane, Malb\u00fccher, Gedichtsammlungen, \u00dcbungs- und Besch\u00e4ftigungshefte, Bilderb\u00fccher und Lehrb\u00fccher f\u00fcr benachteiligte Kinder zwischen 0-18 Jahren gesammelt. Privatpersonen, Unternehmen undVerlage schlossen sich unserer Initiative an. Schlie\u00dflich konnten wir mehr als 6.000 B\u00fccher f\u00fcr Kinder sammeln, die in Familienkrisenzentren der \u00d6kumenischen Hilfsorganisation leben. Bilder von der \u00dcbergabe der B\u00fccher im Rahmen einer Druckereibesichtigung und \u00fcber die Pressekonferenz siehe unten.<\/p>\n\n\t\t<\/div> \n\t<\/div> \n\t\t<\/div> <\/div>\n\t<\/div> <\/div>","protected":false},"excerpt":{"rendered":"<p>Kik is vagyunk? 1989-ben ind\u00edtottam \u00fatj\u00e1ra a Pauker Nyomd\u00e1t, ami m\u00e1ra Magyarorsz\u00e1g egyik vezet\u0151 \u00edves ofszet nyomd\u00e1j\u00e1v\u00e1 n\u0151tte ki mag\u00e1t. Az\u00f3ta nem csak l\u00e9tsz\u00e1munk gyarapodott, g\u00e9pparkunk is jelent\u0151s innov\u00e1ci\u00f3n ment \u00e1t: ma m\u00e1r a legkorszer\u0171bb Duplo, Heidelberg \u00e9s Horizon g\u00e9pekkel dolgozunk, 2016 nyar\u00e1n pedig siker\u00fclt megdupl\u00e1znunk a kapacit\u00e1sunkat egy k\u00f6zel 3 milli\u00f3 eur\u00f3s beruh\u00e1z\u00e1snak k\u00f6sz\u00f6nhet\u0151en:<br \/><a href=\"https:\/\/pauker.hu\/de\/about\/\" class=\"more\">Read more<\/a><\/p>","protected":false},"author":1,"featured_media":0,"parent":0,"menu_order":0,"comment_status":"closed","ping_status":"closed","template":"","meta":{"_sitemap_exclude":false,"_sitemap_priority":"","_sitemap_frequency":"","footnotes":""},"class_list":["post-33","page","type-page","status-publish","hentry"],"_links":{"self":[{"href":"https:\/\/pauker.hu\/de\/wp-json\/wp\/v2\/pages\/33","targetHints":{"allow":["GET"]}}],"collection":[{"href":"https:\/\/pauker.hu\/de\/wp-json\/wp\/v2\/pages"}],"about":[{"href":"https:\/\/pauker.hu\/de\/wp-json\/wp\/v2\/types\/page"}],"author":[{"embeddable":true,"href":"https:\/\/pauker.hu\/de\/wp-json\/wp\/v2\/users\/1"}],"replies":[{"embeddable":true,"href":"https:\/\/pauker.hu\/de\/wp-json\/wp\/v2\/comments?post=33"}],"version-history":[{"count":6,"href":"https:\/\/pauker.hu\/de\/wp-json\/wp\/v2\/pages\/33\/revisions"}],"predecessor-version":[{"id":589,"href":"https:\/\/pauker.hu\/de\/wp-json\/wp\/v2\/pages\/33\/revisions\/589"}],"wp:attachment":[{"href":"https:\/\/pauker.hu\/de\/wp-json\/wp\/v2\/media?parent=33"}],"curies":[{"name":"wp","href":"https:\/\/api.w.org\/{rel}","templated":true}]}}